{"id":2609,"date":"2026-09-01T09:56:22","date_gmt":"2026-09-01T09:56:22","guid":{"rendered":"https:\/\/c-re.ch\/sales\/perly-certoux-1258-4y2p-m9ay\/"},"modified":"2026-09-01T09:56:22","modified_gmt":"2026-09-01T09:56:22","slug":"perly-certoux-1258-4y2p-m9ay","status":"publish","type":"listing","link":"https:\/\/c-re.ch\/en\/sales\/perly-certoux-1258-4y2p-m9ay\/","title":{"rendered":"Lumineux 4 pi\u00e8ces \u00e0 r\u00e9nover avec deux loggias et vue sur le Sal\u00e8ve"},"content":{"rendered":"<p>\u00c0 Perly, dans un environnement r\u00e9sidentiel et verdoyant aux portes de Gen\u00e8ve, d\u00e9couvrez cet appartement de <strong>4 pi\u00e8ces offrant 74 m\u00b2 habitables<\/strong>, situ\u00e9 au <strong>3e \u00e9tage<\/strong> d\u2019un immeuble construit en 1980. <\/p>\n<\/p>\n<p>D\u00e8s l\u2019entr\u00e9e, l\u2019appartement s\u00e9duit par ses <strong>beaux volumes, sa luminosit\u00e9 et ses ouvertures g\u00e9n\u00e9reuses<\/strong>. Le s\u00e9jour b\u00e9n\u00e9ficie d\u2019un acc\u00e8s direct \u00e0 une premi\u00e8re loggia d\u2019environ <strong>8 m\u00b2<\/strong>, v\u00e9ritable prolongement de l\u2019espace de vie, avec une <strong>vue d\u00e9gag\u00e9e sur le Sal\u00e8ve<\/strong>.<\/p>\n<\/p>\n<p>L\u2019espace nuit comprend <strong>deux chambres<\/strong>, dont l\u2019une profite \u00e9galement d\u2019un acc\u00e8s ext\u00e9rieur, ainsi qu\u2019une salle de bains. Une seconde loggia d\u2019environ <strong>4 m\u00b2<\/strong> compl\u00e8te agr\u00e9ablement l\u2019ensemble. Au total, ce sont pr\u00e8s de <strong>12 m\u00b2 d\u2019espaces ext\u00e9rieurs<\/strong> qui viennent renforcer le confort et l\u2019agr\u00e9ment de ce bien. <\/p>\n<\/p>\n<p>L\u2019appartement est <strong>\u00e0 r\u00e9nover<\/strong> et offre ainsi une excellente base pour imaginer un int\u00e9rieur contemporain enti\u00e8rement adapt\u00e9 \u00e0 ses go\u00fbts et \u00e0 son mode de vie. Sa distribution, ses volumes et sa luminosit\u00e9 permettent d\u2019envisager une r\u00e9novation particuli\u00e8rement valorisante. <\/p>\n<\/p>\n<p>Sa situation constitue \u00e9galement un v\u00e9ritable atout : <strong>transports publics \u00e0 environ 250 m\u00e8tres, \u00e9cole primaire \u00e0 300 m\u00e8tres, commerces \u00e0 600 m\u00e8tres et acc\u00e8s autoroutier \u00e0 proximit\u00e9<\/strong>, tout en conservant l\u2019atmosph\u00e8re r\u00e9sidentielle recherch\u00e9e de Perly. <\/p>\n<\/p>\n<p><strong>Un appartement avec un vrai potentiel, id\u00e9al pour celles et ceux qui souhaitent cr\u00e9er leur futur lieu de vie plut\u00f4t que reprendre celui imagin\u00e9 par quelqu\u2019un d\u2019autre.<\/strong><\/p>\n<\/p>\n<p>\u00c0 mon sens, cette derni\u00e8re phrase est importante : elle transforme psychologiquement le <strong>\u00ab \u00e0 r\u00e9nover \u00bb<\/strong> en <strong>libert\u00e9 de projet<\/strong>, ce qui est beaucoup plus vendeur pour ce type de bien.<\/p>\n","protected":false},"featured_media":0,"template":"","listing_type":[2],"property_type":[16],"no_of_rooms":[215],"feature":[209,24],"orientation":[],"locality":[6,261],"postcode":[262],"country":[9],"listing_status":[10],"ra_feature":[11],"class_list":["post-2609","listing","type-listing","status-publish","hentry","listing_type-buy","property_type-apartment","no_of_rooms-4-rooms","feature-child-friendly","feature-view","locality-geneve","locality-perly-certoux","postcode-262","country-ch","listing_status-available","ra_feature-published-on-ra"],"acf":[],"_links":{"self":[{"href":"https:\/\/c-re.ch\/en\/wp-json\/wp\/v2\/listing\/2609","targetHints":{"allow":["GET"]}}],"collection":[{"href":"https:\/\/c-re.ch\/en\/wp-json\/wp\/v2\/listing"}],"about":[{"href":"https:\/\/c-re.ch\/en\/wp-json\/wp\/v2\/types\/listing"}],"wp:attachment":[{"href":"https:\/\/c-re.ch\/en\/wp-json\/wp\/v2\/media?parent=2609"}],"wp:term":[{"taxonomy":"listing_type","embeddable":true,"href":"https:\/\/c-re.ch\/en\/wp-json\/wp\/v2\/listing_type?post=2609"},{"taxonomy":"property_type","embeddable":true,"href":"https:\/\/c-re.ch\/en\/wp-json\/wp\/v2\/property_type?post=2609"},{"taxonomy":"no_of_rooms","embeddable":true,"href":"https:\/\/c-re.ch\/en\/wp-json\/wp\/v2\/no_of_rooms?post=2609"},{"taxonomy":"feature","embeddable":true,"href":"https:\/\/c-re.ch\/en\/wp-json\/wp\/v2\/feature?post=2609"},{"taxonomy":"orientation","embeddable":true,"href":"https:\/\/c-re.ch\/en\/wp-json\/wp\/v2\/orientation?post=2609"},{"taxonomy":"locality","embeddable":true,"href":"https:\/\/c-re.ch\/en\/wp-json\/wp\/v2\/locality?post=2609"},{"taxonomy":"postcode","embeddable":true,"href":"https:\/\/c-re.ch\/en\/wp-json\/wp\/v2\/postcode?post=2609"},{"taxonomy":"country","embeddable":true,"href":"https:\/\/c-re.ch\/en\/wp-json\/wp\/v2\/country?post=2609"},{"taxonomy":"listing_status","embeddable":true,"href":"https:\/\/c-re.ch\/en\/wp-json\/wp\/v2\/listing_status?post=2609"},{"taxonomy":"ra_feature","embeddable":true,"href":"https:\/\/c-re.ch\/en\/wp-json\/wp\/v2\/ra_feature?post=2609"}],"curies":[{"name":"wp","href":"https:\/\/api.w.org\/{rel}","templated":true}]}}